{"id":76,"date":"2016-05-20T12:58:06","date_gmt":"2016-05-20T10:58:06","guid":{"rendered":"http:\/\/ksu.wpengine.com\/ksu-2\/styring-og-kontroll\/medarbeidere\/"},"modified":"2017-05-30T15:32:55","modified_gmt":"2017-05-30T13:32:55","slug":"fokusomrade-medarbeidere","status":"publish","type":"page","link":"https:\/\/aarsrapport.kristiansund.kommune.no\/2016\/styring-og-kontroll\/fokusomrade-medarbeidere\/","title":{"rendered":"Fokusomr\u00e5de medarbeidere"},"content":{"rendered":"<p>Arbeidsgiverpolitikken i Kristiansund kommune skal bidra til \u00e5 videreutvikle tjenestetilbudet i tr\u00e5d med innbyggernes endrede behov for gode, moderne og digitaliserte tjenester. Vi skal fortsette \u00e5 v\u00e6re en omstillingsdyktig og serviceinnstilt kommune hvor vi yter v\u00e5rt beste for v\u00e5re brukere, ansatte og innbyggere. Fremtidens medarbeidere har h\u00f8ye krav og forventninger til sin arbeidsgiver. Kristiansund kommune er Nordm\u00f8res st\u00f8rste organisasjon, og v\u00e5rt fortrinn m\u00e5 derfor synliggj\u00f8res og fremheves for \u00e5 v\u00e6re aktuell og relevant. Vi er en moderne kunnskapsorganisasjon som h\u00e5ndterer et stort mangfold i arbeidsoppgavene. Kompleksiteten og variasjonen gj\u00f8r det til en spennende og identitetsskapende arbeidsplass hvor utviklingsmulighetene og karriereveiene er mange.<\/p>\n<p>V\u00e5rt utgangspunkt er hovedavtalens m\u00e5l om samarbeid, medbestemmelse og medinnflytelse. Gjennom mestringsorientert ledelse og tillitsbasert medarbeiderskap, skal hver enkelt medarbeider kunne p\u00e5virke og forme hvordan vi leverer v\u00e5re tjenester innenfor overordnede rammer. Medarbeidernes kompetanse er uten tvil organisasjonens viktigste ressurs, n\u00e5r deres kompetanse benyttes til riktig tid p\u00e5 riktig sted. Inkludering og mangfold st\u00e5r sterkt i v\u00e5r organisasjon.<\/p>\n<h2>M\u00e5l og resultater<\/h2>\n<div class=\"table-explanation\">\n<p>Resultatgrense:<\/p>\n<div class=\"table-explanation-item\">\n<div class=\"teal\">\u2022<\/div>\n<p>\u00d8nsket resultat<\/p>\n<\/div>\n<div class=\"table-explanation-item\">\n<div class=\"orange\">\u2022<\/div>\n<p>Akseptabelt resultat<\/p>\n<\/div>\n<div class=\"table-explanation-item\">\n<div class=\"purple\">\u2022<\/div>\n<p>Uakseptabelt resultat<\/p>\n<\/div>\n<\/div>\n<h4>Gjennomg\u00e5ende m\u00e5lekort &#8211; fokusomr\u00e5de medarbeidere<\/h4>\n<h4>Hovedm\u00e5l &#8211; Motiverte og kompetente medarbeidere<\/h4>\n<table>\n<thead>\n<tr>\n<th style=\"background-color: #f9f9f9;\" bgcolor=\"#bfbfbf\">Suksessfaktor (delm\u00e5l)<\/th>\n<th style=\"background-color: #f9f9f9; text-align: left;\" bgcolor=\"#bfbfbf\">M\u00e5leindikator<\/th>\n<th style=\"background-color: #f9f9f9;\" bgcolor=\"#bfbfbf\">Resultat-krav<\/th>\n<th style=\"background-color: #f9f9f9;\" bgcolor=\"#bfbfbf\">Resultat 2014<\/th>\n<th style=\"background-color: #f9f9f9;\" bgcolor=\"#bfbfbf\">Resultat 2015<\/th>\n<th style=\"background-color: #f9f9f9;\" bgcolor=\"#bfbfbf\">Resultat 2016<\/th>\n<th style=\"background-color: #f9f9f9;\" bgcolor=\"#bfbfbf\">Endring fra sist m\u00e5ling<\/th>\n<\/tr>\n<\/thead>\n<tbody>\n<tr>\n<td rowspan=\"2\">Ledelse<\/td>\n<td style=\"text-align: left;\">Lederavtale &#8211; alle enhetsledere<\/td>\n<td>100 %<\/td>\n<td>&#8211;<\/td>\n<td bgcolor=\"#fcf7ee\">80 %<\/td>\n<td>Ikke m\u00e5lt<\/td>\n<td><\/td>\n<\/tr>\n<tr>\n<td style=\"text-align: left;\">Evalueringssamtale &#8211; alle enhetsledere<\/td>\n<td>100 %<\/td>\n<td>&#8211;<\/td>\n<td bgcolor=\"#fcf7ee\">89 %<\/td>\n<td bgcolor=\"#f4f9f8\">100\u00a0%<\/td>\n<td><img decoding=\"async\" loading=\"lazy\" class=\"alignnone size-full wp-image-686\" src=\"http:\/\/ksu.wpengine.com\/wp-content\/uploads\/sites\/9\/2016\/06\/onsket.png\" alt=\"\u00d8nsket resultat\" width=\"16\" height=\"18\" \/><\/td>\n<\/tr>\n<tr>\n<td rowspan=\"4\"><span class=\"tooltips \" style=\"\" title=\"HMS \u2013 helse, milj\u00f8 og sikkerhet, IA \u2013 inkluderende arbeidsliv\">Arbeidsmilj\u00f8 \u2013 HMS \/<br \/>\nIA)<\/span><\/td>\n<td style=\"text-align: left;\">Medarbeidertilfredshet<\/td>\n<td>6,0 &#8211; 4,6<\/td>\n<td>Ikke m\u00e5lt<\/td>\n<td bgcolor=\"#f4f9f8\">4,5<\/td>\n<td>Ikke m\u00e5lt<\/td>\n<td><\/td>\n<\/tr>\n<tr>\n<td style=\"text-align: left;\">Sykefrav\u00e6r<\/td>\n<td>8,5 %<\/td>\n<td bgcolor=\"#fcf7ee\">9,5 %<\/td>\n<td bgcolor=\"#fcf7ee\">9,4 %<\/td>\n<td bgcolor=\"#fcf7ee\">8,6\u00a0%<\/td>\n<td><img decoding=\"async\" loading=\"lazy\" class=\"alignnone size-full wp-image-686\" src=\"http:\/\/ksu.wpengine.com\/wp-content\/uploads\/sites\/9\/2016\/06\/onsket.png\" alt=\"\u00d8nsket resultat\" width=\"16\" height=\"18\" \/><\/td>\n<\/tr>\n<tr>\n<td style=\"text-align: left;\">Etablere rutine p\u00e5 vurdering av sykefrav\u00e6r i hver enhet<\/td>\n<td>Innf\u00f8rt<\/td>\n<td bgcolor=\"#fcf7ee\">I arbeid<\/td>\n<td bgcolor=\"#fcf7ee\">I arbeid<\/td>\n<td bgcolor=\"#f4f9f8\">Ferdig utarbeidet<\/td>\n<td><img decoding=\"async\" loading=\"lazy\" class=\"alignnone size-full wp-image-686\" src=\"http:\/\/ksu.wpengine.com\/wp-content\/uploads\/sites\/9\/2016\/06\/onsket.png\" alt=\"\u00d8nsket resultat\" width=\"16\" height=\"18\" \/><\/td>\n<\/tr>\n<tr>\n<td style=\"text-align: left;\">Utarbeide overordnet handlingsplan for IA-arbeidet<\/td>\n<td>Ferdig utarbeidet<\/td>\n<td>&#8211;<\/td>\n<td bgcolor=\"#fcf7ee\">I arbeid<\/td>\n<td bgcolor=\"#f4f9f8\">Ferdig utarbeidet<\/td>\n<td><img decoding=\"async\" loading=\"lazy\" class=\"alignnone size-full wp-image-686\" src=\"http:\/\/ksu.wpengine.com\/wp-content\/uploads\/sites\/9\/2016\/06\/onsket.png\" alt=\"\u00d8nsket resultat\" width=\"16\" height=\"18\" \/><\/td>\n<\/tr>\n<tr>\n<td>Heltidskultur<\/td>\n<td style=\"text-align: left;\">Antall 100 % for hele kommunen<\/td>\n<td>Alle stillinger over 92 %<\/td>\n<td>&#8211;<\/td>\n<td bgcolor=\"#fcf7ee\">I arbeid<\/td>\n<td>52\u00a0%<\/td>\n<td><\/td>\n<\/tr>\n<tr>\n<td>Livsfasepolitikk, likestilling og mangfold<\/td>\n<td style=\"text-align: left;\">Utarbeide livsfaseplan<\/td>\n<td>Ferdig utarbeidet<\/td>\n<td>&#8211;<\/td>\n<td bgcolor=\"#fcf7ee\">I arbeid<\/td>\n<td bgcolor=\"#fcf7ee\">I arbeid<\/td>\n<td><img decoding=\"async\" loading=\"lazy\" class=\"alignnone size-full wp-image-685\" src=\"http:\/\/ksu.wpengine.com\/wp-content\/uploads\/sites\/9\/2016\/06\/akseptabelt.png\" alt=\"Strek, akseptabelt resultat\" width=\"16\" height=\"5\" \/><\/td>\n<\/tr>\n<tr>\n<td>L\u00f8nnspolitikk<\/td>\n<td style=\"text-align: left;\">Revidert og oppdatert l\u00f8nnspolitisk plan<\/td>\n<td>Ferdig utarbeidet<\/td>\n<td>&#8211;<\/td>\n<td bgcolor=\"#fcf7ee\">I arbeid<\/td>\n<td bgcolor=\"#fcf7ee\">I arbeid<\/td>\n<td><img decoding=\"async\" loading=\"lazy\" class=\"alignnone size-full wp-image-685\" src=\"http:\/\/ksu.wpengine.com\/wp-content\/uploads\/sites\/9\/2016\/06\/akseptabelt.png\" alt=\"Strek, akseptabelt resultat\" width=\"16\" height=\"5\" \/><\/td>\n<\/tr>\n<tr>\n<td>Medbestemmelse og involvering<\/td>\n<td style=\"text-align: left;\">Utarbeide plan for ansattes rett til medbestemmelse<\/td>\n<td>Ferdig utarbeidet<\/td>\n<td>&#8211;<\/td>\n<td bgcolor=\"#fcf7ee\">I arbeid<\/td>\n<td bgcolor=\"#fcf7ee\">I arbeid<\/td>\n<td><img decoding=\"async\" loading=\"lazy\" class=\"alignnone size-full wp-image-685\" src=\"http:\/\/ksu.wpengine.com\/wp-content\/uploads\/sites\/9\/2016\/06\/akseptabelt.png\" alt=\"Strek, akseptabelt resultat\" width=\"16\" height=\"5\" \/><\/td>\n<\/tr>\n<\/tbody>\n<\/table>\n<p>Fokusomr\u00e5de Medvirkning er utviklet for \u00e5 ivareta kommunens m\u00e5l om \u00e5 styrke lokaldemokratiet og skape engasjement omkring virksomheten gjennom involvering og meroffentlighet. M\u00e5lekortet er gjennomg\u00e5ende for hele kommunen.<\/p>\n<h4 style=\"text-align: center;\"><span class=\"tooltips \" style=\"\" title=\"Grunnlaget omfatter fast ansatte.\">Ansatte og \u00e5rsverk<\/span><\/h4>\n<table>\n<thead>\n<tr>\n<th style=\"background-color: #f9f9f9;\" rowspan=\"2\">Rammeomr\u00e5der (per 31.12)<\/th>\n<th style=\"background-color: #f9f9f9; text-align: center;\" colspan=\"5\" rowspan=\"2\">\u00c5rsverk<\/th>\n<th style=\"background-color: #f9f9f9; text-align: center;\" colspan=\"7\" rowspan=\"2\">Ansatte<\/th>\n<th style=\"background-color: #f9f9f9; text-align: center;\" colspan=\"3\" bgcolor=\"#f4f9f8\">Kj\u00f8nnsfordeling<\/th>\n<\/tr>\n<tr>\n<th style=\"background-color: #f9f9f9; text-align: center;\" bgcolor=\"#f4f9f8\">Kvinner<\/th>\n<th style=\"background-color: #f9f9f9; text-align: center;\" colspan=\"2\" bgcolor=\"#f4f9f8\">Menn<\/th>\n<\/tr>\n<tr>\n<th style=\"background-color: #f9f9f9;\"><\/th>\n<th style=\"border-top: 1px solid #7dc8bf;\">2012<\/th>\n<th style=\"border-top: 1px solid #7dc8bf;\">2013<\/th>\n<th style=\"border-top: 1px solid #7dc8bf;\">2014<\/th>\n<th style=\"border-top: 1px solid #7dc8bf;\">2015<\/th>\n<th style=\"border-top: 1px solid #7dc8bf;\" bgcolor=\"#f9f9f9\">2016<\/th>\n<th style=\"border-top: 1px solid #7dc8bf;\" colspan=\"2\">2012<\/th>\n<th style=\"border-top: 1px solid #7dc8bf;\">2013<\/th>\n<th style=\"border-top: 1px solid #7dc8bf;\">2014<\/th>\n<th style=\"border-top: 1px solid #7dc8bf;\">2015<\/th>\n<th style=\"border-top: 1px solid #7dc8bf;\" bgcolor=\"#f9f9f9\">2016<\/th>\n<th style=\"border-top: 1px solid #7dc8bf;\" colspan=\"4\" bgcolor=\"#f4f9f8\">2016<\/th>\n<\/tr>\n<\/thead>\n<tbody>\n<tr>\n<td>Politisk styring<\/td>\n<td>5,3<\/td>\n<td>4,8<\/td>\n<td>4,8<\/td>\n<td>3<\/td>\n<td bgcolor=\"#f9f9f9\">3,5<\/td>\n<td colspan=\"2\">7<\/td>\n<td>6<\/td>\n<td>6<\/td>\n<td>3<\/td>\n<td bgcolor=\"#f9f9f9\">4<\/td>\n<td colspan=\"3\" bgcolor=\"#f4f9f8\">2<\/td>\n<td bgcolor=\"#f4f9f8\">2<\/td>\n<\/tr>\n<tr>\n<td>Sentraladministrasjonen<\/td>\n<td>68,5<\/td>\n<td>71,5<\/td>\n<td>76,9<\/td>\n<td>83,2<\/td>\n<td bgcolor=\"#f9f9f9\">83,3<\/td>\n<td colspan=\"2\">71<\/td>\n<td>79<\/td>\n<td>79<\/td>\n<td>87<\/td>\n<td bgcolor=\"#f9f9f9\">87<\/td>\n<td colspan=\"3\" bgcolor=\"#f4f9f8\">50<\/td>\n<td bgcolor=\"#f4f9f8\">37<\/td>\n<\/tr>\n<tr>\n<td>PP-tjenesten<\/td>\n<td>17,6<\/td>\n<td>18,6<\/td>\n<td>18,4<\/td>\n<td>19,2<\/td>\n<td bgcolor=\"#f9f9f9\">21,4<\/td>\n<td colspan=\"2\">19<\/td>\n<td>20<\/td>\n<td>20<\/td>\n<td>22<\/td>\n<td bgcolor=\"#f9f9f9\">23<\/td>\n<td colspan=\"3\" bgcolor=\"#f4f9f8\">21<\/td>\n<td bgcolor=\"#f4f9f8\">2<\/td>\n<\/tr>\n<tr>\n<td>Grunnskoler<\/td>\n<td>339,8<\/td>\n<td>360,2<\/td>\n<td>377,8<\/td>\n<td>344,6<\/td>\n<td bgcolor=\"#f9f9f9\">346,3<\/td>\n<td colspan=\"2\">387<\/td>\n<td>409<\/td>\n<td>424<\/td>\n<td>383<\/td>\n<td bgcolor=\"#f9f9f9\">388<\/td>\n<td colspan=\"3\" bgcolor=\"#f4f9f8\">295<\/td>\n<td bgcolor=\"#f4f9f8\">93<\/td>\n<\/tr>\n<tr>\n<td>Barnehager<\/td>\n<td>127,7<\/td>\n<td>134,9<\/td>\n<td>133,3<\/td>\n<td>130<\/td>\n<td bgcolor=\"#f9f9f9\">119,9<\/td>\n<td colspan=\"2\">155<\/td>\n<td>160<\/td>\n<td>160<\/td>\n<td>153<\/td>\n<td bgcolor=\"#f9f9f9\">141<\/td>\n<td colspan=\"3\" bgcolor=\"#f4f9f8\">136<\/td>\n<td bgcolor=\"#f4f9f8\">5<\/td>\n<\/tr>\n<tr>\n<td>Kultur og n\u00e6ring<\/td>\n<td>52,4<\/td>\n<td>53,5<\/td>\n<td>52,4<\/td>\n<td>51,6<\/td>\n<td bgcolor=\"#f9f9f9\">48,6<\/td>\n<td colspan=\"2\">59<\/td>\n<td>60<\/td>\n<td>61<\/td>\n<td>60<\/td>\n<td bgcolor=\"#f9f9f9\">55<\/td>\n<td colspan=\"3\" bgcolor=\"#f4f9f8\">36<\/td>\n<td bgcolor=\"#f4f9f8\">19<\/td>\n<\/tr>\n<tr>\n<td>Fellestjenester pleie og omsorg<\/td>\n<td>29,2<\/td>\n<td>32,5<\/td>\n<td>31,4<\/td>\n<td>28,1<\/td>\n<td bgcolor=\"#f9f9f9\">29,4<\/td>\n<td colspan=\"2\">32<\/td>\n<td>38<\/td>\n<td>36<\/td>\n<td>33<\/td>\n<td bgcolor=\"#f9f9f9\">33<\/td>\n<td colspan=\"3\" bgcolor=\"#f4f9f8\">18<\/td>\n<td bgcolor=\"#f4f9f8\">15<\/td>\n<\/tr>\n<tr>\n<td>Sykehjem<\/td>\n<td>174,2<\/td>\n<td>189,0<\/td>\n<td>193,4<\/td>\n<td>176<\/td>\n<td bgcolor=\"#f9f9f9\">164,9<\/td>\n<td colspan=\"2\">263<\/td>\n<td>274<\/td>\n<td>278<\/td>\n<td>240<\/td>\n<td bgcolor=\"#f9f9f9\">224<\/td>\n<td colspan=\"3\" bgcolor=\"#f4f9f8\">212<\/td>\n<td bgcolor=\"#f4f9f8\">12<\/td>\n<\/tr>\n<tr>\n<td>Hjemmetjenester<\/td>\n<td>104,2<\/td>\n<td>103,3<\/td>\n<td>106,6<\/td>\n<td>114,1<\/td>\n<td bgcolor=\"#f9f9f9\">117<\/td>\n<td colspan=\"2\">147<\/td>\n<td>145<\/td>\n<td>147<\/td>\n<td>152<\/td>\n<td bgcolor=\"#f9f9f9\">153<\/td>\n<td colspan=\"3\" bgcolor=\"#f4f9f8\">146<\/td>\n<td bgcolor=\"#f4f9f8\">7<\/td>\n<\/tr>\n<tr>\n<td>Psykisk helse og rus<\/td>\n<td>29,1<\/td>\n<td>34,2<\/td>\n<td>42,0<\/td>\n<td>48<\/td>\n<td bgcolor=\"#f9f9f9\">51,4<\/td>\n<td colspan=\"2\">35<\/td>\n<td>40<\/td>\n<td>48<\/td>\n<td>56<\/td>\n<td bgcolor=\"#f9f9f9\">60<\/td>\n<td colspan=\"3\" bgcolor=\"#f4f9f8\">51<\/td>\n<td bgcolor=\"#f4f9f8\">9<\/td>\n<\/tr>\n<tr>\n<td>NAV Kristiansund<\/td>\n<td>29,3<\/td>\n<td>29,3<\/td>\n<td>30,2<\/td>\n<td>30,8<\/td>\n<td bgcolor=\"#f9f9f9\">30,8<\/td>\n<td colspan=\"2\">30<\/td>\n<td>30<\/td>\n<td>31<\/td>\n<td>32<\/td>\n<td bgcolor=\"#f9f9f9\">32<\/td>\n<td colspan=\"3\" bgcolor=\"#f4f9f8\">27<\/td>\n<td bgcolor=\"#f4f9f8\">5<\/td>\n<\/tr>\n<tr>\n<td>Barn, familie, helse<\/td>\n<td>47,2<\/td>\n<td>45,8<\/td>\n<td>49,4<\/td>\n<td>79,2<\/td>\n<td bgcolor=\"#f9f9f9\">77,3<\/td>\n<td colspan=\"2\">53<\/td>\n<td>52<\/td>\n<td>55<\/td>\n<td>89<\/td>\n<td bgcolor=\"#f9f9f9\">85<\/td>\n<td colspan=\"3\" bgcolor=\"#f4f9f8\">79<\/td>\n<td bgcolor=\"#f4f9f8\">6<\/td>\n<\/tr>\n<tr>\n<td>Bo- dagtilbud\/oppf\u00f8lging<\/td>\n<td>140,5<\/td>\n<td>145,1<\/td>\n<td>161,4<\/td>\n<td>163,6<\/td>\n<td bgcolor=\"#f9f9f9\">162,1<\/td>\n<td colspan=\"2\">199<\/td>\n<td>202<\/td>\n<td>225<\/td>\n<td>217<\/td>\n<td bgcolor=\"#f9f9f9\">212<\/td>\n<td colspan=\"3\" bgcolor=\"#f4f9f8\">184<\/td>\n<td bgcolor=\"#f4f9f8\">28<\/td>\n<\/tr>\n<tr>\n<td>Kommunalteknikk<\/td>\n<td>93,9<\/td>\n<td>96,9<\/td>\n<td>93,7<\/td>\n<td>93<\/td>\n<td bgcolor=\"#f9f9f9\">87,4<\/td>\n<td colspan=\"2\">96<\/td>\n<td>98<\/td>\n<td>95<\/td>\n<td>94<\/td>\n<td bgcolor=\"#f9f9f9\">91<\/td>\n<td colspan=\"3\" bgcolor=\"#f4f9f8\">10<\/td>\n<td bgcolor=\"#f4f9f8\">81<\/td>\n<\/tr>\n<tr>\n<td>Plan og byggesak<\/td>\n<td>19,0<\/td>\n<td>24,6<\/td>\n<td>22,3<\/td>\n<td>21,9<\/td>\n<td bgcolor=\"#f9f9f9\">20,4<\/td>\n<td colspan=\"2\">19<\/td>\n<td>25<\/td>\n<td>24<\/td>\n<td>23<\/td>\n<td bgcolor=\"#f9f9f9\">21<\/td>\n<td colspan=\"3\" bgcolor=\"#f4f9f8\">9<\/td>\n<td bgcolor=\"#f4f9f8\">12<\/td>\n<\/tr>\n<tr>\n<td>Eiendomsdrift<\/td>\n<td>54,9<\/td>\n<td>50,7<\/td>\n<td>53,0<\/td>\n<td>51,7<\/td>\n<td bgcolor=\"#f9f9f9\">49,7<\/td>\n<td colspan=\"2\">72<\/td>\n<td>65<\/td>\n<td>64<\/td>\n<td>61<\/td>\n<td bgcolor=\"#f9f9f9\">60<\/td>\n<td colspan=\"3\" bgcolor=\"#f4f9f8\">39<\/td>\n<td bgcolor=\"#f4f9f8\">21<\/td>\n<\/tr>\n<tr>\n<td>Brann og redning<\/td>\n<td>31,1<\/td>\n<td>34,8<\/td>\n<td>33,3<\/td>\n<td>37,6<\/td>\n<td bgcolor=\"#f9f9f9\">36,2<\/td>\n<td colspan=\"2\">32<\/td>\n<td>36<\/td>\n<td>35<\/td>\n<td>55<\/td>\n<td bgcolor=\"#f9f9f9\">55<\/td>\n<td colspan=\"3\" bgcolor=\"#f4f9f8\">6<\/td>\n<td bgcolor=\"#f4f9f8\">49<\/td>\n<\/tr>\n<tr>\n<td style=\"background-color: #f9f9f9;\">Totalt<\/td>\n<td style=\"background-color: #f9f9f9;\"><strong>1 363,9<\/strong><\/td>\n<td style=\"background-color: #f9f9f9;\"><strong>1 429,7<\/strong><\/td>\n<td style=\"background-color: #f9f9f9;\"><strong>1 480,4<\/strong><\/td>\n<td style=\"background-color: #f9f9f9;\"><strong>1 475,6<\/strong><\/td>\n<td bgcolor=\"#f9f9f9\"><strong>1 449,6<\/strong><\/td>\n<td style=\"background-color: #f9f9f9;\" colspan=\"2\"><strong>1 676<\/strong><\/td>\n<td style=\"background-color: #f9f9f9;\"><strong>1 739<\/strong><\/td>\n<td style=\"background-color: #f9f9f9;\"><strong>1 788<\/strong><\/td>\n<td style=\"background-color: #f9f9f9;\"><strong>1 760<\/strong><\/td>\n<td bgcolor=\"#f9f9f9\"><strong>1\u00a0724<\/strong><\/td>\n<td colspan=\"3\" bgcolor=\"#f4f9f8\"><strong>1 321<\/strong><\/td>\n<td bgcolor=\"#f4f9f8\"><strong>403<\/strong><\/td>\n<\/tr>\n<\/tbody>\n<\/table>\n<div>\n<div class=\"table-description\">\n<p><em>Tabellen viser utviklingen av ansatte og \u00e5rsverk de siste fem \u00e5rene og kj\u00f8nnsfordelingen i kommunen ved utgangen av 2016.<\/em><\/p>\n<p><em>Ved slutten av 2016 hadde vi 1\u00a0724 fast ansatte fordelt p\u00e5 1\u00a0449,6 \u00e5rsverk. Dette er 36 personer f\u00e6rre enn i 2015. Andelen kvinner utgj\u00f8r 76,6\u00a0%. Andelen er tiln\u00e6rmet uforandret fra sist \u00e5r. Differansen mellom antall personer og antall \u00e5rsverk har sammenheng med at ikke alle ansatte har full stilling.<\/em><\/p>\n<\/div>\n<\/div>\n<div>\n<h3>Ledelse<\/h3>\n<\/div>\n<p>H\u00f8sten 2016 inviterte r\u00e5dmannen til ledersamling. 151 av kommunens ledere deltok p\u00e5 samlingen. Tema som ble tatt opp var tanker og visjoner for kommunen, \u00f8konomi, sykefrav\u00e6r og arbeidsn\u00e6rv\u00e6r og eiendomsdrift. Samlingen ble avsluttet med foredrag av forsker Anne Inga Hilsen fra Fafo som snakket om endring og utvikling i kommunene.<\/p>\n<p>Vi startet planleggingen av et lederutviklingsprogram i samarbeid med KS\u2011Konsulent. Programmet skal gjennomf\u00f8res for \u00e5 utvikle v\u00e5re ledere innenfor de 4 hovedomr\u00e5dene planlegge, organisere, lede og kontrollere.<\/p>\n<div>\n<h3>Arbeidsmilj\u00f8<\/h3>\n<\/div>\n<p>I Kristiansund kommune er det utarbeidet en overordnet handlingsplan for HMS-arbeidet. Den er f\u00f8rende for enhetenes handlingsplaner, som er under utarbeidelse.<\/p>\n<p><span class=\"tooltips \" style=\"\" title=\"Opprettet i 2015 og best\u00e5r av personal- og organisasjonssjef, HMS-r\u00e5dgiver, hovedverneombud, hovedtillitsvalgt Fagforbundet og&lt;br \/&gt;\nkommunens to IA\u2011kontakter fra NAV-Arbeidslivssenter.\">N\u00e6rv\u00e6rsgruppa<\/span> har i 2016 arbeidet med tiltak for \u00e5 redusere sykefrav\u00e6ret og tiltak for \u00e5 fremme n\u00e6rv\u00e6r og helsefremmende arbeid. Gruppen har utarbeidet en overordnet IA-plan i samarbeid med NAV Arbeidslivssenter for hele kommunen, med f\u00f8lgende tre delm\u00e5l:<\/p>\n<ol>\n<li>Reduksjon i sykefrav\u00e6ret med 20\u00a0% i forhold til niv\u00e5et i 2.\u00a0kvartal 2001. Sykefrav\u00e6ret p\u00e5 nasjonalt niv\u00e5 skal ikke overstige 5,6\u00a0%.<\/li>\n<li>Hindre frafall og \u00f8ke sysselsetting av personer med nedsatt funksjonsevne.<\/li>\n<li>Yrkesaktivitet etter fylte 50\u00a0\u00e5r forlenges med tolv m\u00e5neder. Med dette menes en \u00f8kning sammenliknet med 2009 i gjennomsnittlig periode med yrkesaktivitet (for personer over 50\u00a0\u00e5r).<\/li>\n<\/ol>\n<p>Som en del av den nye IA-avtalen (for perioden 2016-2018) skal det arbeides med \u00e5 definere egne IA-m\u00e5l for den enkelte enhet. Hensikten med IA-arbeidet er \u00e5 redusere sykefrav\u00e6ret, hindre utst\u00f8ting fra arbeidslivet, vektlegge forebyggende HMS-arbeid, redusere offentlige utgifter, \u00f8ke forst\u00e5elsen for ulikheter og \u00e5pne arbeidslivet for personer med redusert funksjonsevne. Vi \u00f8nsker \u00e5 ha et positivt fokus p\u00e5 arbeidsn\u00e6rv\u00e6r, fremfor sykefrav\u00e6r. Forebygging og et godt arbeidsmilj\u00f8 er viktige forutsetninger for \u00e5 oppn\u00e5 m\u00e5lene i IA-avtalen. Det p\u00e5g\u00e5ende arbeidet med oppl\u00e6ring i sykefrav\u00e6rsoppf\u00f8lging for flere enheter videref\u00f8res ogs\u00e5 til 2017.<\/p>\n<p>I likhet med i 2015 ble det ogs\u00e5 i 2016 gjennomf\u00f8rt en kvartalsvis gjennomgang av sykefrav\u00e6r i enhetenes HMS-grupper for \u00e5 vurdere volum, utvikling over tid og spesielt se etter faktorer i arbeidsmilj\u00f8et. HMS-gruppene vurderte ogs\u00e5 registrerte HMS-avvik og tiltak for \u00e5 lukke avvik-\/hindre at lignende avvik oppst\u00e5r senere. Det har v\u00e6rt fokus p\u00e5 oppl\u00e6ring og mer aktiv og praktisk bruk av kvalitetssystemet Losen i alle enheter og referat fra arbeidsmilj\u00f8utvalgets m\u00f8ter legges n\u00e5 ut p\u00e5 enhetene.<\/p>\n<p>Det har i 2016 blitt gjennomf\u00f8rt HMS-kurs for ledere og verneombud. P\u00e5 verdens HMS-dag, 28.\u00a0april markerte alle kommunens enheter HMS-dagen med ulike aktiviteter. Kommunens HMS-pris gikk til Karihola barnehage, for fremragende HMS-arbeid.<\/p>\n<p>Kommunen har i l\u00f8pet av 2016 opprettet <span class=\"tooltips \" style=\"\" title=\"AKAN er et trepartssamarbeid mellom partene i norsk arbeidsliv (LO, NHO og Staten), hvor hovedoppgaven \u00e5 forebygge&lt;br \/&gt;\nrusmiddelproblemer i norsk arbeidsliv, samt \u00e5 bidra til at ansatte med rusmiddelproblemer f\u00e5r hjelp.\">AKAN-utvalg<\/span> og valgt AKAN-kontakter p\u00e5 hver enhet. Det er ogs\u00e5 gjennomf\u00f8rt kurs knyttet til roller og oppgaver.<\/p>\n<p>Felles medarbeiderunders\u00f8kelse gjennomf\u00f8res hvert andre \u00e5r. Siste m\u00e5ling av medarbeidertilfredshet var i 2015. Ny unders\u00f8kelse gjennomf\u00f8res i 2017 basert p\u00e5 KS sin 10-faktormodell. Ansatte har i l\u00f8pet av 2016 blitt informert om den nye modellen. Noen enheter har imidlertid gjennomf\u00f8rt unders\u00f8kelser i egen regi.<\/p>\n<hr \/>\n<h3 style=\"text-align: center;\">Sykefrav\u00e6r<\/h3>\n<p><a href=\"http:\/\/aarsrapport.kristiansund.kommune.no\/2016\/wp-content\/uploads\/sites\/9\/2017\/05\/Sykefravaer.png\"><img decoding=\"async\" loading=\"lazy\" class=\"wp-image-861 size-large\" src=\"http:\/\/aarsrapport.kristiansund.kommune.no\/2016\/wp-content\/uploads\/sites\/9\/2017\/05\/Sykefravaer-1024x650.png\" alt=\"\" width=\"1024\" height=\"650\" srcset=\"https:\/\/aarsrapport.kristiansund.kommune.no\/2016\/wp-content\/uploads\/sites\/9\/2017\/05\/Sykefravaer-1024x650.png 1024w, https:\/\/aarsrapport.kristiansund.kommune.no\/2016\/wp-content\/uploads\/sites\/9\/2017\/05\/Sykefravaer-300x190.png 300w, https:\/\/aarsrapport.kristiansund.kommune.no\/2016\/wp-content\/uploads\/sites\/9\/2017\/05\/Sykefravaer-768x488.png 768w, https:\/\/aarsrapport.kristiansund.kommune.no\/2016\/wp-content\/uploads\/sites\/9\/2017\/05\/Sykefravaer.png 1969w\" sizes=\"(max-width: 1024px) 100vw, 1024px\" \/><\/a><\/p>\n<div class=\"table-description\">\n<p><em>Sykefrav\u00e6ret har v\u00e6rt relativt stabilt, men h\u00f8yt de siste \u00e5rene. I 2016 har det skjedd en endring, og vi er p\u00e5 god vei mot \u00e5 n\u00e5 m\u00e5let i IA-avtalen p\u00e5 8,5 %. IA m\u00e5let har ikke blitt justert, selv om kommunen har ambisjoner og \u00f8nsker om et sykefrav\u00e6r under dette. Som en del av den nye IA-avtalen (for perioden 2016-2018) skal det arbeides med \u00e5 definere egne IA-m\u00e5l for den enkelte enhet, da mange enheter tross alt har et lavere sykefrav\u00e6r enn 8,5 %. Nye og forskningsbaserte tiltak for \u00e5 redusere sykefrav\u00e6ret ble iverksatt i 2016. Disse videref\u00f8res til 2017 gjennom prosjektet IA-ledelse 2.0, med NED-workshop i regi av KS, for barnehager og helse og omsorg.<\/em><\/p>\n<p><em>Sykefrav\u00e6ret gikk ned fra 9,4\u00a0% i 2015 til 8,6\u00a0% i 2016. Reduksjonen gjaldt langtidsfrav\u00e6ret, med en nedgang fra 7,0\u00a0% i 2015 til 6,1\u00a0% i 2016. Korttidsfrav\u00e6ret har steget fra 2,3\u00a0% i 2015, til 2,5\u00a0% i 2016. Det er store variasjoner mellom rammeomr\u00e5dene, men ogs\u00e5 innad i rammeomr\u00e5dene. De fleste har en nedgang i sykefrav\u00e6ret, men 6 rammeomr\u00e5der har en \u00f8kning i sykefrav\u00e6ret sammenlignet med 2015. Av i alt 17 rammeomr\u00e5der, er det 8 rammeomr\u00e5der med sykefrav\u00e6r lik eller under m\u00e5lsetningen om et sykefrav\u00e6r lavere enn 8,5\u00a0% fra IA-avtalen.<\/em><\/p>\n<\/div>\n<h3>Vernetjenesten<\/h3>\n<p>Kommunen har over 80 verneombud, fordelt p\u00e5 forskjellige enheter og avdelinger. Hovedverneombudet har ansvaret for \u00e5 samordne tjenesten.<\/p>\n<p>Noen av temaene som vernetjenesten har arbeidet med i 2016 er verneombudets oppgaver, roller i konflikter, synliggj\u00f8ring av vernetjenesten i kommunen og arbeidet i HMS\u2011gruppene. I l\u00f8pet av de siste \u00e5rene har vernetjenesten blitt mer og mer brukt som en samarbeidspart av ledere p\u00e5 alle plan. Tjenesten har blitt mer synlige og f\u00e5tt den medvirkningen som lovverket tilsier.<\/p>\n<p>I l\u00f8pet av 2016 har hovedverneombudet;<\/p>\n<ul>\n<li>Gjennomf\u00f8rt tre m\u00f8ter med verneombudene og avholdt seks sektorm\u00f8ter.<\/li>\n<li>Gjennomf\u00f8rt verneombudets dag \u2013 70 verneombud deltok.<\/li>\n<li>Gjennomf\u00f8rt samling for alle verneombudene i forbindelse med etableringen av AKAN og verneombudets rolle i dette arbeidet.<\/li>\n<li>Arrangert 40-timers grunnkurs for verneombud via Bedriftshelsetjenesten.<\/li>\n<li>Deltatt p\u00e5 nettverkssamling for hovedverneombudene p\u00e5 Nordm\u00f8re.<\/li>\n<li>Deltatt p\u00e5 samling for alle hovedverneombudene i fylket.<\/li>\n<\/ul>\n<p>Hovedverneombudet sitter i Fagforbundets utvalg for arbeidsmilj\u00f8aktiviteter (UFA). Dette utvalget best\u00e5r av ni medlemmer fra hele landet. Utvalget \u00f8nsker \u00e5 sette s\u00f8kelys p\u00e5 vernetjenesten i Fagforbundet og arrangerer blant annet kurs for verneombud og Hovedverneombud.<\/p>\n<div>\n<h3>Heltidskultur<\/h3>\n<\/div>\n<p><span class=\"tooltips \" style=\"\" title=\"Vedtatt\">\u00abFelles prinsipp for heltid\u00bb<\/span> skal v\u00e6re retningsgivende for v\u00e5rt arbeid med heltidskultur. Vi har i 2016 gjennomf\u00f8rt flere workshops med fokus p\u00e5 hvordan vi operasjonelt og kulturelt skal n\u00e5 dette m\u00e5let. Prosessen gjennomf\u00f8res med bistand fra KS-Konsulent. M\u00e5lgruppen er avdelingsledere sammen med enhetsleders ledergruppe, tillitsvalgte og verneombud. Rolleforst\u00e5else og kunnskap om heltid har v\u00e6rt sentrale tema gjennom alle samlingene. Alle avdelingslederne har f\u00e5tt oppl\u00e6ring i verkt\u00f8yet \u201cHeltidsmodellen\u201d. Det har v\u00e6rt satt ned arbeidsgrupper rundt p\u00e5 enhetene for \u00e5 involvere flest mulig av ansatte i dette arbeidet. Ulike arenaer som personalm\u00f8ter og fagdager har ogs\u00e5 blitt brukt.<\/p>\n<p>I l\u00f8pet av 2016 har en arbeidsgruppe best\u00e5ende av enhetsledere, personalledere, administrasjonsledere, hovedtillitsvalgte, og hovedverneombud utarbeidet f\u00f8lgende m\u00e5ltall for heltid:<\/p>\n<ul>\n<li>antall stillinger 100 %<\/li>\n<li>gjennomsnittlig stillingsprosent<\/li>\n<li>andel hele stillinger<\/li>\n<li>naturlig avgang<\/li>\n<li>gjennomsnittlig stillingsst\u00f8rrelse<\/li>\n<li>antall rekrutteringsstillinger<\/li>\n<\/ul>\n<p>Kommunen fikk tilskudd til prosjektet \u00abInnovasjonsagenten\u00bb i 2016, men har p\u00e5 grunn av store organisatoriske endringer ute p\u00e5 enhetene ikke lyktes med \u00e5 komme i gang med prosjektet.<\/p>\n<hr \/>\n<h3 style=\"text-align: center;\">Stillingsst\u00f8rrelser<\/h3>\n<div id=\"attachment_860\" style=\"width: 1034px\" class=\"wp-caption alignnone\"><a href=\"http:\/\/aarsrapport.kristiansund.kommune.no\/2016\/wp-content\/uploads\/sites\/9\/2017\/05\/Stillingsstorrelser.png\"><img aria-describedby=\"caption-attachment-860\" decoding=\"async\" loading=\"lazy\" class=\"wp-image-860 size-large\" src=\"http:\/\/aarsrapport.kristiansund.kommune.no\/2016\/wp-content\/uploads\/sites\/9\/2017\/05\/Stillingsstorrelser-1024x650.png\" alt=\"\" width=\"1024\" height=\"650\" srcset=\"https:\/\/aarsrapport.kristiansund.kommune.no\/2016\/wp-content\/uploads\/sites\/9\/2017\/05\/Stillingsstorrelser-1024x650.png 1024w, https:\/\/aarsrapport.kristiansund.kommune.no\/2016\/wp-content\/uploads\/sites\/9\/2017\/05\/Stillingsstorrelser-300x190.png 300w, https:\/\/aarsrapport.kristiansund.kommune.no\/2016\/wp-content\/uploads\/sites\/9\/2017\/05\/Stillingsstorrelser-768x488.png 768w, https:\/\/aarsrapport.kristiansund.kommune.no\/2016\/wp-content\/uploads\/sites\/9\/2017\/05\/Stillingsstorrelser.png 1969w\" sizes=\"(max-width: 1024px) 100vw, 1024px\" \/><\/a><p id=\"caption-attachment-860\" class=\"wp-caption-text\">Figuren viser utviklingen av kvinners gjennomsnittlige stillingsst\u00f8rrelse og andel kvinner som arbeider deltid. Kristiansund har 1\u00a0724 ansatte, i 1\u00a0865 stillinger. Mange av stillingene er delte \u00e5rsverk av tekniske grunner som rapportering. Det er delte stillinger innenfor nesten alle omr\u00e5der. Disse utgj\u00f8r 141 stillinger. Fortsatt er over halvparten av stillingene deltid (50,7\u00a0%).<\/p><\/div>\n<h3>Rekruttering og kompetanseutvikling<\/h3>\n<ul>\n<li>452 ansatte har enten p\u00e5begynt, videref\u00f8rt eller gjennomf\u00f8rt etter- og videreutdanning.<\/li>\n<li>3 ansatte i kommunen deltok p\u00e5 videreutdanningen \u00abLedelse av prosesser\u00bb gjennom et samarbeid med Molde kommune.<\/li>\n<li>Videref\u00f8rte samarbeidet med H\u00f8yskolen i Molde om praksis for sykepleierstudenter, og etter- og videreutdanning for l\u00e6rere ved NTNU.<\/li>\n<li>For skole\u00e5ret 2016-2017 ble 12 l\u00e6rere innvilget videreutdanning gjennom \u00abKompetanse for kvalitet\u00bb. 11 l\u00e6rere er i gang med dette.<\/li>\n<li>3 enhetsledere fra barnehagene gjennomf\u00f8rte nasjonal styrerutdanning.<\/li>\n<li>Utdannet ICDP-veiledere i barnehagene.<\/li>\n<li>Innf\u00f8rt medarbeiderdrevet innovasjon som metode for forbedringsarbeid innen helse.<\/li>\n<li>8 l\u00e6rekontrakter innen helsearbeiderfaget tilknyttet \u00abVekslingsmodellen\u00bb.<\/li>\n<li>5 menn p\u00e5 oppl\u00e6ring innen helsearbeiderfaget gjennom prosjektet \u00abMenn i helse\u00bb.<\/li>\n<li>42 l\u00f8pende l\u00e6rekontrakter i v\u00e5r kommune (inkludert Vekslingsmodellen og Menn i helse).<\/li>\n<li>9 l\u00e6rlinger bestod fagpr\u00f8ven i 2016.<\/li>\n<li>Opprettet jobb-bank i forhold til flyktninger<\/li>\n<li>Medlemsbedrift i KOM Trainee. I 2016 var 1 trainee ansatt i kommunen.<\/li>\n<li>Etablert KOM Helse (for sykepleiere og vernepleiere) under KOM Trainee. De f\u00f8rste traineene vil bli tilsatt i 2017.<\/li>\n<li>Kommunen arrangerer 2 nettverksm\u00f8ter hvert halv\u00e5r for spr\u00e5kveiledere i barnehage og skole. <span lang=\"nn-NO\">Dette er i lokal regi og er<\/span> knyttet<span lang=\"nn-NO\"> til kommunens spr\u00e5kplan \u00abSPR\u00c5KSPOR\u00bb. <\/span><\/li>\n<li><span lang=\"nn-NO\">Kristiansund har i samarbeid med<\/span> Voksne<span lang=\"nn-NO\"> For Barn arrangert<\/span> workshops<span lang=\"nn-NO\"> for <\/span>\u00abZippys<span lang=\"nn-NO\"> venner\u00bb, som er et<\/span> skoleprogram<span lang=\"nn-NO\"> for 1.-4. trinn<\/span> innen<span lang=\"nn-NO\"> mestring og l\u00e6ringsmilj\u00f8, med fokus p\u00e5 oppvekstvilk\u00e5r og psykiske helse. <\/span><\/li>\n<li>Ungdomsskolene avsluttet den nasjonale satsingen \u00abVurdering For L\u00e6ring\u00bb. Sluttrapport levert i september.<\/li>\n<li>Nordlandet Ungdomsskole, Kristiansund Voksenoppl\u00e6ring og Kristiansund videreg\u00e5ende skole har avsluttet prosjekt \u00abUngdom med kort botid\u00bb som ble arrangert i samarbeid med H\u00f8gskolen i Volda og Nasjonalt senter for flerkulturell oppl\u00e6ring (NAFO).<\/li>\n<\/ul>\n<p>6,5\u00a0% av fast ansatte i kommunen sluttet i l\u00f8pet av 2016. Dette er en \u00f8kning p\u00e5 3,8\u00a0% fra 2015.<\/p>\n<div>\n<h3>Livsfasepolitikk, likestilling og mangfold<\/h3>\n<\/div>\n<p>I l\u00f8pet av 2016 tok 105 kvinner og 19 menn ut foreldrepermisjon. De 19 mennene tok ut permisjon p\u00e5 til sammen 869 dager, det vil si et uttak p\u00e5 46 dager i gjennomsnitt. Tilsvarende tall for 2015 var 51 dager. 4 menn tok i 2016 ut pappapermisjon p\u00e5 i alt 41 dager. Tilsvarende tall for 2015 var 12 menn og 118 dager. I snitt utgjorde dette 10,3 dager i 2016 mot 9,8 dager i 2015. Snittlengden p\u00e5 pappapermisjoner har variert noe de senere \u00e5rene.<\/p>\n<p>Ved utgangen av 2016 var det inng\u00e5tt 104 senioravtaler.\u00a0Om lag 30\u00a0% omfatter stillingsreduksjon. Antall avtaler er redusert med 46 fra 2015. Samlede utgifter utgjorde 2 866 mill. kroner. Tilsvarende utgifter i 2015 var 4 972 mill. kroner.<\/p>\n<p>Bystyret best\u00e5r av 45 medlemmer, 16 kvinner og 29 menn. Formannskapet best\u00e5r av 11 medlemmer, 6 kvinner og 5 menn. Vi oppfyller ikke kommunelovens krav til kj\u00f8nnsfordeling i alle v\u00e5re folkevalgte organer ved utgangen av 2016. Kj\u00f8nnsfordelingen blant ansatte utgjorde 76,6\u00a0% kvinner og 23,4\u00a0% menn. Endringen fra 2015 var p\u00e5 +\/- 0,01\u00a0%. I ledergruppen og blant enhetslederne var det en kvinneandel p\u00e5 52,2\u00a0%. Dette er en nedgang i forhold til 2015, hvor andelen utgjorde 56,5\u00a0%<\/p>\n<p>Tiltakene \u00abAktiv kommune\u00bb og \u00abI jobb\u00bb ble avviklet som prosjekt i 2016 med bakgrunn i endrede rammer fra NAV M\u00f8re og Romsdal. Arbeidstrening og individuell veiledning i forhold til jobbs\u00f8king og karrierevalg ble videref\u00f8rt i 2016 gjennom prosjektet \u00abStarter\u00b4n\u00bb. R\u00e5dhuskantina er aktivt brukt som jobbtrening for flyktninger og innvandrere.<\/p>\n<div>\n<h3>L\u00f8nnspolitikk<\/h3>\n<\/div>\n<p>L\u00f8nnspolitisk plan er rammeverket for kommunens l\u00f8nnspolitikk.<\/p>\n<h4 style=\"text-align: center;\"><span class=\"tooltips \" style=\"\" title=\"Omfatter ledergruppe og enhetsledere\">Lederl\u00f8nn<\/span><\/h4>\n<table>\n<thead>\n<tr>\n<th style=\"background-color: #f9f9f9;\" bgcolor=\"#f2f2f2\"><\/th>\n<th style=\"background-color: #f9f9f9; text-align: center;\" colspan=\"3\" bgcolor=\"#f2f2f2\">2014<\/th>\n<th style=\"background-color: #f9f9f9; text-align: center;\" colspan=\"3\" bgcolor=\"#f2f2f2\">2015<\/th>\n<th style=\"background-color: #f9f9f9; text-align: center;\" colspan=\"3\" bgcolor=\"#c3e0f2\">2016<\/th>\n<\/tr>\n<tr>\n<th style=\"background-color: #f9f9f9;\" bgcolor=\"#f2f2f2\"><\/th>\n<th style=\"background-color: #f9f9f9;\" bgcolor=\"#f2f2f2\">Kvinner<\/th>\n<th style=\"background-color: #f9f9f9;\" bgcolor=\"#f2f2f2\">Menn<\/th>\n<th style=\"background-color: #f9f9f9;\" bgcolor=\"#f2f2f2\">Alle<\/th>\n<th style=\"background-color: #f9f9f9;\" bgcolor=\"#f2f2f2\">Kvinner<\/th>\n<th style=\"background-color: #f9f9f9;\" bgcolor=\"#f2f2f2\">Menn<\/th>\n<th style=\"background-color: #f9f9f9;\" bgcolor=\"#f2f2f2\">Alle<\/th>\n<th style=\"background-color: #f9f9f9;\" bgcolor=\"#c3e0f2\">Kvinner<\/th>\n<th style=\"background-color: #f9f9f9;\" bgcolor=\"#c3e0f2\">Menn<\/th>\n<th style=\"background-color: #f9f9f9;\" bgcolor=\"#c3e0f2\">Alle<\/th>\n<\/tr>\n<\/thead>\n<tbody>\n<tr>\n<td bgcolor=\"#ffffff\">Antall (per 31.12)<\/td>\n<td bgcolor=\"#ffffff\">30<\/td>\n<td bgcolor=\"#ffffff\">26<\/td>\n<td bgcolor=\"#ffffff\">56<\/td>\n<td>26<\/td>\n<td>24<\/td>\n<td>50<\/td>\n<td style=\"background-color: #f4f9f8;\" bgcolor=\"#c3e0f2\">24<\/td>\n<td style=\"background-color: #f4f9f8;\" bgcolor=\"#c3e0f2\">22<\/td>\n<td style=\"background-color: #f4f9f8;\" bgcolor=\"#c3e0f2\">46<\/td>\n<\/tr>\n<tr>\n<td bgcolor=\"#ffffff\">Gjennomsnitt \u00e5rsl\u00f8nn<\/td>\n<td bgcolor=\"#ffffff\">602 400<\/td>\n<td bgcolor=\"#ffffff\">683 308<\/td>\n<td bgcolor=\"#ffffff\">642 854<\/td>\n<td>638\u00a0077<\/td>\n<td>700\u00a0421<\/td>\n<td>668\u00a0002<\/td>\n<td style=\"background-color: #f4f9f8;\" bgcolor=\"#c3e0f2\">671\u00a0825<\/td>\n<td style=\"background-color: #f4f9f8;\" bgcolor=\"#c3e0f2\">723\u00a0223<\/td>\n<td style=\"background: #f4f9f8;\" bgcolor=\"#c3e0f2\">696\u00a0407<\/td>\n<\/tr>\n<\/tbody>\n<\/table>\n<div class=\"table-description\"><em>I snitt \u00f8kte \u00e5rsl\u00f8nnen for ledere med 28\u00a0405 kroner fra 2015. H\u00f8yest \u00f8kning hadde kvinner med 33\u00a0748 kroner. Til sammenligning \u00f8kte mannlige ledere sin l\u00f8nn med 22\u00a0802 kroner.<\/em><\/div>\n<hr \/>\n<h3 style=\"text-align: center;\">Gjennomsnittsl\u00f8nn<\/h3>\n<div id=\"attachment_853\" style=\"width: 1034px\" class=\"wp-caption alignnone\"><a href=\"http:\/\/aarsrapport.kristiansund.kommune.no\/2016\/wp-content\/uploads\/sites\/9\/2017\/05\/Gjennomsnittslonn.png\"><img aria-describedby=\"caption-attachment-853\" decoding=\"async\" loading=\"lazy\" class=\"wp-image-853 size-large\" src=\"http:\/\/aarsrapport.kristiansund.kommune.no\/2016\/wp-content\/uploads\/sites\/9\/2017\/05\/Gjennomsnittslonn-1024x650.png\" alt=\"\" width=\"1024\" height=\"650\" srcset=\"https:\/\/aarsrapport.kristiansund.kommune.no\/2016\/wp-content\/uploads\/sites\/9\/2017\/05\/Gjennomsnittslonn-1024x650.png 1024w, https:\/\/aarsrapport.kristiansund.kommune.no\/2016\/wp-content\/uploads\/sites\/9\/2017\/05\/Gjennomsnittslonn-300x190.png 300w, https:\/\/aarsrapport.kristiansund.kommune.no\/2016\/wp-content\/uploads\/sites\/9\/2017\/05\/Gjennomsnittslonn-768x488.png 768w, https:\/\/aarsrapport.kristiansund.kommune.no\/2016\/wp-content\/uploads\/sites\/9\/2017\/05\/Gjennomsnittslonn.png 1969w\" sizes=\"(max-width: 1024px) 100vw, 1024px\" \/><\/a><p id=\"caption-attachment-853\" class=\"wp-caption-text\">Figuren viser utviklingen av kvinners gjennomsnittsl\u00f8nn i forhold til menns. Per 31.12 var denne p\u00e5 92,9\u00a0%, en \u00f8kning p\u00e5 1,8\u00a0% fra 2015. Forholdet mellom menns og kvinners gjennomsnittsl\u00f8nn er redusert de siste \u00e5rene og det jobbes systematisk med \u00e5 minske forskjellene ytterligere. I tillegg viser figuren at andelen kvinner som har lavere l\u00f8nn enn gjennomsnittet er betydelig redusert. Dette betyr at det er kvinner med lav l\u00f8nnsplassering som har hatt best l\u00f8nnsutvikling de siste \u00e5rene, noe som er i tr\u00e5d med b\u00e5de sentrale og lokale m\u00e5lsetninger. Forskjellene i gjennomsnittsl\u00f8nn gjenspeiler i hovedsak at det er klart flere kvinner i yrkeskategorier med lavere l\u00f8nnsplassering. De fleste ansatte f\u00f8lger l\u00f8nnsstiger innenfor den kommunale hovedtariffavtalen. Dette er med p\u00e5 \u00e5 sikre lik l\u00f8nn for likt arbeid. M\u00e5lsetningen om likel\u00f8nn er blant annet \u00e5 forhindre diskriminering knyttet til kj\u00f8nn og andre forhold. Likel\u00f8nn er gjenstand for dr\u00f8fting i forkant av hvert lokale l\u00f8nnsoppgj\u00f8r i henhold til hovedtariffavtalen.<\/p><\/div>\n<h3>Medbestemmelse og involvering<\/h3>\n<p>Hovedavtalen er utgangspunktet for m\u00e5let om samarbeid, medbestemmelse og medinnflytelse. Avtalen utgj\u00f8r rammeverket for partssamarbeidet.<\/p>\n<p>Arbeidstakerorganisasjonene\/tillitsvalgte har;<\/p>\n<ul>\n<li>Bist\u00e5tt i l\u00f8nnsforhandlingene.<\/li>\n<li>Bist\u00e5tt i ansettelsesprosesser.<\/li>\n<li>Deltatt i IA- og HMS-arbeidet gjennom N\u00e6rv\u00e6rsgruppen.<\/li>\n<li>Deltatt i utarbeidelsen av ny arbeidsgiverstrategi.<\/li>\n<li>Deltatt i dr\u00f8ftinger og forhandlinger.<\/li>\n<\/ul>\n<h2>Utfordringer og planer<\/h2>\n<p>Kristiansund kommune st\u00e5r overfor et teknologisk veiskille hvor det satses for fullt p\u00e5 nye arbeidsformer gjennom organisasjonsutvikling, tjenestedesign og digitalisering. Denne dreiningen gir arbeidstakerne en unik mulighet til \u00e5 p\u00e5virke sin jobbhverdag ved \u00e5 jobbe smartere, enklere og i en mye tettere dialog og samhandling med innbyggere og brukere. Gjennom innovasjon, nyskaping og utvikling skal kommunen l\u00f8se utfordringene vi st\u00e5r overfor p\u00e5 nye m\u00e5ter. B\u00e5de internt i organisasjonen og i samspill med omgivelsene. Hver ansatt skal kunne p\u00e5virke og forme hvordan vi leverer v\u00e5re tjenester innenfor overordnede rammer. \u00c5 jobbe i Kristiansund kommune er et bidrag til \u00e5 skape Kristiansund kommune.<\/p>\n<p>Det skal fremmes sak om ny arbeidsgiverstrategi i 2017. Den skal inneholde definerte tiltak og tydelig oppf\u00f8lgingsansvar innenfor alle omr\u00e5der.<\/p>\n<div>\n<h3>Ledelse<\/h3>\n<\/div>\n<p>R\u00e5dmannen vil s\u00f8rge for at ledelse i Kristiansund kommune inneb\u00e6rer en felles mestringsorientert ledelsespraksis og en bevisst og strategisk jobbing med \u00e5 utvikle hver enkelt leder. Det skal;<\/p>\n<ul>\n<li>gjennomf\u00f8res et lederutviklingsprogram for alle enhetsledere, i tillegg skal kompetanseheving av avdelings- og mellomledere prioriteres<\/li>\n<li>sikres at alle enhetsledere har en lederavtale med tydelige forventninger, m\u00e5l og konsekvenser<\/li>\n<li>legges til rette for at alle nytilsatte ledere gjennomg\u00e5r et eget oppl\u00e6ringsprogram<\/li>\n<\/ul>\n<div>\n<h3>Arbeidsmilj\u00f8<\/h3>\n<\/div>\n<p>R\u00e5dmannen vil arbeide systematisk og m\u00e5lrettet med sykefrav\u00e6rsarbeidet i kommunen ved bruk av forsknings- og effektbaserte virkemidler. Den overordnede handlingsplanen for IA-arbeidet i kommunen skal implementeres i enhetene i 2017 og det skal defineres egne IA-m\u00e5l for den enkelte enhet. Vi skal ogs\u00e5 delta i et nasjonalt sykefrav\u00e6rsprosjekt i regi av KS og NAV, hvor hovedsatsningsomr\u00e5dene er barnehager samt helse og omsorg.<\/p>\n<p>R\u00e5dmannen vil \u00f8ke fokuset p\u00e5 medarbeidernes ansvar for \u00e5 bidra til et godt arbeidsmilj\u00f8 som fremmer kultur for l\u00e6ring og fornyelse. R\u00e5dmannen vil utvikle en serviceinnstilt og effektiv organisasjon som ivaretar kommunens omd\u00f8mme og identitet. Det skal;<\/p>\n<ul>\n<li>legges til rette for at alle nyansatte gjennomg\u00e5r et eget oppl\u00e6ringsprogram<\/li>\n<li>s\u00f8rges for at alle faste ansatte har medarbeidersamtaler med sin (n\u00e6rmeste) leder<\/li>\n<li>gjennomf\u00f8res utviklingssamtaler med alle ansatte (n\u00e6rmeste leder)<\/li>\n<li>bevisstgj\u00f8re at alle v\u00e5re medarbeidere har to jobber \u2013 gj\u00f8re jobben sin og forbedre den<\/li>\n<\/ul>\n<div>\n<h3>Heltidskultur<\/h3>\n<\/div>\n<p>Kvaliteten i tjenesten p\u00e5virkes positivt med \u00f8kende andel hele stillinger (100\u00a0%). M\u00e5let er at kommunen skal vise en jevn utvikling mot heltidskultur. \u00c5 f\u00e5 bukt med ufrivillig deltid er et viktig skritt i riktig retning. For \u00e5 utvikle heltidskultur kreves store strukturelle endringer i organisasjonen samtidig som det jobbes med holdninger hos ansatte p\u00e5 alle niv\u00e5. Dette er tidkrevende prosesser\u00a0der det er viktig \u00e5 ta vare p\u00e5 de arbeidstakerne som jobber i kommunen i dag, samtidig som vi gj\u00f8r kommunen attraktiv for fremtidig arbeidss\u00f8kere.<\/p>\n<p>R\u00e5dmannen vil s\u00f8rge for en strategisk forankring av heltidskultur i hele organisasjonen, inkludert stab og st\u00f8tte. Det skal iverksettes og implementeres prinsipper for heltidskultur. Ved utgangen av 2017 skal partene i arbeidslivet v\u00e6re enige om vilk\u00e5r for nye arbeidstidsordninger for medarbeidere i turnus.<\/p>\n<div>\n<h3>Rekruttering og kompetanseutvikling<\/h3>\n<\/div>\n<p>Kommunen har store utfordringer knyttet til rekruttering av blant annet helsefagarbeidere, vernepleiere, sykepleiere, l\u00e6rere, barne- og ungdomsarbeidere og barnehagel\u00e6rere. R\u00e5dmannen vil jobbe systematisk og legge forholdene til rette for \u00e5 rekruttere, utvikle og beholde den kompetansen kommunen til en hver tid har behov for. Det skal;<\/p>\n<ul>\n<li>utredes mulighet for \u00e5 etablere deltidsutdanning sykepleie i Kristiansund<\/li>\n<li>utvikles et helhetlig kompetansesystem<\/li>\n<\/ul>\n<div>\n<h3>Livsfasepolitikk, likestilling og mangfold<\/h3>\n<\/div>\n<p>Kommunen arbeider med en helhetlig plan som ivaretar ulike livsfaser og motvirker diskriminering og s\u00e6rbehandling. R\u00e5dmannen vil legge til rette for at ansattes behov i ulike livsfaser i st\u00f8rst mulig grad blir im\u00f8tekommet. Rammevilk\u00e5rene for arbeidsliv og familie\/privatliv m\u00e5 sees i sammenheng. R\u00e5dmannen vil oppfylle lovens krav til kj\u00f8nnsfordeling, ivareta mangfold og s\u00f8rge for like muligheter og likeverdige rettigheter og plikter til deltakelse for alle ansatte uavhengig av kj\u00f8nn, nasjonalitet, etnisitet, funksjonsevne og bakgrunn for \u00f8vrig. Det skal utarbeides en livsfaseplan som i tillegg hensyntar likestilling og mangfold.<\/p>\n<div>\n<h3>L\u00f8nnspolitikk<\/h3>\n<\/div>\n<p>R\u00e5dmannen vil tilpasse den lokale l\u00f8nnspolitikken for \u00e5 sikre at det er sammenheng med kommunens m\u00e5l og at det skapes forutsigbarhet for den ansatte \u00e5 innrette seg i henhold til l\u00f8nnspolitikken. Det skal foretas en revidering av l\u00f8nnspolitisk plan i tr\u00e5d med Hovedtariffavtalens f\u00f8ringer.<\/p>\n<div>\n<h3>Medbestemmelse og involvering<\/h3>\n<\/div>\n<p>R\u00e5dmannen vil skape et best mulig samarbeidsgrunnlag mellom partene p\u00e5 alle niv\u00e5er ved \u00e5 sikre og legge til rette for gode prosesser mellom partene og for en positiv utvikling av kvalitativt gode tjenester i kommunen. Samarbeidet m\u00e5 baseres p\u00e5 tillit og gjensidig forst\u00e5else for partenes ulike roller. Det skal;<\/p>\n<ul>\n<li>sikres medvirkning og medinnflytelse gjennom informasjon og dr\u00f8ftinger<\/li>\n<li>avholdes kontaktm\u00f8ter mellom de sentrale parter<\/li>\n<\/ul>\n","protected":false},"excerpt":{"rendered":"<p>Arbeidsgiverpolitikken i Kristiansund kommune skal bidra til \u00e5 videreutvikle tjenestetilbudet i tr\u00e5d med innbyggernes endrede behov for gode, moderne og digitaliserte tjenester. Vi skal fortsette \u00e5 v\u00e6re en omstillingsdyktig og serviceinnstilt kommune hvor vi yter v\u00e5rt beste for v\u00e5re brukere, ansatte og innbyggere. Fremtidens medarbeidere har h\u00f8ye krav og forventninger til sin arbeidsgiver. Kristiansund kommune [&hellip;]<\/p>\n","protected":false},"author":2,"featured_media":0,"parent":27,"menu_order":23,"comment_status":"closed","ping_status":"closed","template":"","meta":[],"acf":[],"_links":{"self":[{"href":"https:\/\/aarsrapport.kristiansund.kommune.no\/2016\/wp-json\/wp\/v2\/pages\/76"}],"collection":[{"href":"https:\/\/aarsrapport.kristiansund.kommune.no\/2016\/wp-json\/wp\/v2\/pages"}],"about":[{"href":"https:\/\/aarsrapport.kristiansund.kommune.no\/2016\/wp-json\/wp\/v2\/types\/page"}],"author":[{"embeddable":true,"href":"https:\/\/aarsrapport.kristiansund.kommune.no\/2016\/wp-json\/wp\/v2\/users\/2"}],"replies":[{"embeddable":true,"href":"https:\/\/aarsrapport.kristiansund.kommune.no\/2016\/wp-json\/wp\/v2\/comments?post=76"}],"version-history":[{"count":0,"href":"https:\/\/aarsrapport.kristiansund.kommune.no\/2016\/wp-json\/wp\/v2\/pages\/76\/revisions"}],"up":[{"embeddable":true,"href":"https:\/\/aarsrapport.kristiansund.kommune.no\/2016\/wp-json\/wp\/v2\/pages\/27"}],"wp:attachment":[{"href":"https:\/\/aarsrapport.kristiansund.kommune.no\/2016\/wp-json\/wp\/v2\/media?parent=76"}],"curies":[{"name":"wp","href":"https:\/\/api.w.org\/{rel}","templated":true}]}}